{"id":68,"date":"2024-12-24T10:51:24","date_gmt":"2024-12-24T09:51:24","guid":{"rendered":"http:\/\/canferran.cat\/politica-de-privacitat-i-proteccio-de-dades\/"},"modified":"2025-03-20T11:48:06","modified_gmt":"2025-03-20T10:48:06","slug":"politique-de-confidentialite-et-protection-des-donnees","status":"publish","type":"page","link":"https:\/\/canferran.cat\/fr\/politique-de-confidentialite-et-protection-des-donnees\/","title":{"rendered":"Politique de confidentialit\u00e9"},"content":{"rendered":"\t\t<div data-elementor-type=\"wp-page\" data-elementor-id=\"68\" class=\"elementor elementor-68 elementor-36\" data-elementor-post-type=\"page\">\n\t\t\t\t<div class=\"elementor-element elementor-element-be5c02d e-flex e-con-boxed e-con e-parent\" data-id=\"be5c02d\" data-element_type=\"container\">\n\t\t\t\t\t<div class=\"e-con-inner\">\n\t\t\t\t<div class=\"elementor-element elementor-element-fab2201 elementor-widget elementor-widget-text-editor\" data-id=\"fab2201\" data-element_type=\"widget\" data-widget_type=\"text-editor.default\">\n\t\t\t\t<div class=\"elementor-widget-container\">\n\t\t\t\t\t\t\t\t\t<h2>POLITIQUE DE CONFIDENTIALIT\u00c9 DU SITE WEB<\/h2>\n<h4>https:\/\/canferran.cat\/<\/h4>\n<h3>Et. POLITIQUE DE CONFIDENTIALIT\u00c9 ET PROTECTION DES DONN\u00c9ES<\/h3>\nConform\u00e9ment aux dispositions de la l\u00e9gislation en vigueur, Can Ferran (ci-apr\u00e8s d\u00e9nomm\u00e9 le site Web) s&rsquo;engage \u00e0 adopter les mesures techniques et organisationnelles n\u00e9cessaires, conform\u00e9ment au niveau de s\u00e9curit\u00e9 appropri\u00e9 au risque des donn\u00e9es collect\u00e9es.\n<h4>Lois qui int\u00e8grent cette politique de protection de la vie priv\u00e9e<\/h4>\nLa pr\u00e9sente politique de protection de la vie priv\u00e9e est adapt\u00e9e aux r\u00e9glementations espagnoles et europ\u00e9ennes en vigueur en mati\u00e8re de protection des donn\u00e9es \u00e0 caract\u00e8re personnel sur l&rsquo;internet. En particulier, il respecte les r\u00e8gles suivantes:\n<ul>\n \t<li>R\u00e8glement (UE) 2016\/679 du Parlement europ\u00e9en et du Conseil du 27 avril 2016 relatif \u00e0 la protection des personnes physiques \u00e0 l&rsquo;\u00e9gard du traitement des donn\u00e9es \u00e0 caract\u00e8re personnel et \u00e0 la libre circulation de ces donn\u00e9es (RGPD).<\/li>\n \t<li>Loi organique 3\/2018, du 5 d\u00e9cembre, sur la protection des donn\u00e9es \u00e0 caract\u00e8re personnel et la garantie des droits num\u00e9riques (LOPD-GDD).<\/li>\n \t<li>D\u00e9cret royal 1720\/2007, du 21 d\u00e9cembre, portant approbation du r\u00e8glement portant application de la loi organique 15\/1999, du 13 d\u00e9cembre, relatif \u00e0 la protection des donn\u00e9es personnelles (RDLOPD).<\/li>\n \t<li>Loi 34\/2002, du 11 juillet, Services de la soci\u00e9t\u00e9 de l&rsquo;information et du commerce \u00e9lectronique (LSSI-CE).<\/li>\n<\/ul>\n<h4>Identit\u00e9 de la personne responsable du traitement des donn\u00e9es \u00e0 caract\u00e8re personnel<\/h4>\nLa personne responsable du traitement des donn\u00e9es personnelles collect\u00e9es \u00e0 Can Ferran est: NIF\/CIF: B61321154 et enregistr\u00e9e au registre du commerce de Barcelone avec les donn\u00e9es d&rsquo;enregistrement suivantes: Volume 29766, folio 201, Fiche B 159955, enregistrement 1, dont le repr\u00e9sentant est trait\u00e9. Vos coordonn\u00e9es sont les suivantes:\n\nAdresse : Pla\u00e7a Sant Andreu 6, 08797, Barcelone\n\nNum\u00e9ro de t\u00e9l\u00e9phone: (34) 667228450\n\nContactez-nous: www.canferran.com\n<h4>Registre des donn\u00e9es \u00e0 caract\u00e8re personnel<\/h4>\nConform\u00e9ment aux dispositions du RGPD et du LOPD-GDD, nous vous informons que les donn\u00e9es personnelles demand\u00e9es par Can Ferran, par le biais des formulaires figurant dans vos pages, seront incorpor\u00e9es et trait\u00e9es dans notre fichier afin de pouvoir faciliter, acc\u00e9l\u00e9rer et respecter les engagements \u00e9tablis entre l&rsquo;utilisateur et l&rsquo;utilisateur, ainsi que le maintien de la relation \u00e9tablie dans les formulaires. De m\u00eame, conform\u00e9ment aux dispositions du RGPD et du LOPD-GDD, \u00e0 moins que l&rsquo;exception pr\u00e9vue \u00e0 l&rsquo;article 30.5 du RGPD ne soit applicable, les activit\u00e9s de traitement men\u00e9es et les autres circonstances \u00e9tablies dans le RGPD, conform\u00e9ment aux dispositions du GRRPD.\n<h4>Principes applicables au traitement des donn\u00e9es \u00e0 caract\u00e8re personnel<\/h4>\nLe traitement des donn\u00e9es personnelles de l&rsquo;utilisateur sera soumis aux principes suivants \u00e9nonc\u00e9s \u00e0 l&rsquo;article 5 du RGPD et \u00e0 l&rsquo;article 4 et \u00e0 l&rsquo;article 4 et suivants de la loi organique 3\/2018, du 5 d\u00e9cembre, sur la protection des donn\u00e9es personnelles et la garantie des droits num\u00e9riques:\n<ul>\n \t<li>Principe de l\u00e9galit\u00e9, de loyaut\u00e9 et de transparence: \u00e0 tout moment, le consentement de l&rsquo;utilisateur sera requis \u00e0 tout moment pour toutes les informations transparentes des fins pour lesquelles les donn\u00e9es \u00e0 caract\u00e8re personnel sont collect\u00e9es.<\/li>\n \t<li>Principe de limitation de l&rsquo;objectif: les donn\u00e9es \u00e0 caract\u00e8re personnel seront collect\u00e9es \u00e0 des fins sp\u00e9cifiques et l\u00e9gitimes.<\/li>\n \t<li>Principe de r\u00e9duction des donn\u00e9es: les donn\u00e9es \u00e0 caract\u00e8re personnel collect\u00e9es ne seront strictement n\u00e9cessaires qu&rsquo;en fonction des finalit\u00e9s pour lesquelles elles sont trait\u00e9es.<\/li>\n \t<li>Principe de pr\u00e9cision: les donn\u00e9es \u00e0 caract\u00e8re personnel doivent \u00eatre exactes et toujours mises \u00e0 jour.<\/li>\n \t<li>Principe de limitation de la p\u00e9riode de conservation: les donn\u00e9es \u00e0 caract\u00e8re personnel ne seront conserv\u00e9es de mani\u00e8re \u00e0 permettre l&rsquo;identification de l&rsquo;utilisateur pendant le temps n\u00e9cessaire aux fins du traitement.<\/li>\n \t<li>Principe d&rsquo;int\u00e9grit\u00e9 et de confidentialit\u00e9: les donn\u00e9es \u00e0 caract\u00e8re personnel seront trait\u00e9es de mani\u00e8re \u00e0 garantir la s\u00e9curit\u00e9 et la confidentialit\u00e9.<\/li>\n \t<li>Principe de responsabilit\u00e9 proactive: le responsable du traitement sera charg\u00e9 de veiller \u00e0 ce que les principes ci-dessus soient respect\u00e9s.<\/li>\n<\/ul>\n<h4>Cat\u00e9gories de donn\u00e9es \u00e0 caract\u00e8re personnel<\/h4>\nLes cat\u00e9gories de donn\u00e9es trait\u00e9es dans Can Ferran ne permettent d&rsquo;identifier que les donn\u00e9es. En aucun cas, des cat\u00e9gories particuli\u00e8res de donn\u00e9es \u00e0 caract\u00e8re personnel ne sont trait\u00e9es au sens de l&rsquo;article 9 du RGPD.\n<h4>Base juridique pour le traitement des donn\u00e9es \u00e0 caract\u00e8re personnel<\/h4>\nLa base juridique du traitement des donn\u00e9es \u00e0 caract\u00e8re personnel est le consentement. Can Ferran s&rsquo;engage \u00e0 demander le consentement expr\u00e8s et v\u00e9rifiable de l&rsquo;utilisateur pour le traitement de ses donn\u00e9es \u00e0 caract\u00e8re personnel \u00e0 une ou plusieurs fins sp\u00e9cifiques.\n\nL&rsquo;utilisateur aura le droit de retirer son consentement \u00e0 tout moment. Il sera aussi facile de retirer son consentement qu&rsquo;il ne l&rsquo;est. En r\u00e8gle g\u00e9n\u00e9rale, le retrait du consentement ne conditionnera pas l&rsquo;utilisation du site web.\n\nDans les cas o\u00f9 l&rsquo;utilisateur a ou est en mesure de fournir ses donn\u00e9es au moyen de formulaires pour poser des questions, demander des informations ou pour des raisons li\u00e9es au contenu du site, il sera inform\u00e9 si l&rsquo;ach\u00e8vement de l&rsquo;un d&rsquo;entre eux est obligatoire pour le bon d\u00e9veloppement de l&rsquo;op\u00e9ration.\n<h4>Fin du traitement auquel les donn\u00e9es \u00e0 caract\u00e8re personnel sont destin\u00e9es<\/h4>\nLes donn\u00e9es \u00e0 caract\u00e8re personnel sont collect\u00e9es et g\u00e9r\u00e9es par Can Ferran afin de faciliter, d&rsquo;acc\u00e9l\u00e9rer et de respecter les engagements \u00e9tablis entre le site web et l&rsquo;utilisateur, ou le maintien de la relation \u00e9tablie dans les formulaires que ce dernier peut fournir ou d&rsquo;assister \u00e0 une demande ou \u00e0 une question.\n\nDe m\u00eame, les donn\u00e9es peuvent \u00eatre utilis\u00e9es \u00e0 des fins commerciales de personnalisation, de fonctionnement et de statistiques, ainsi que pour l&rsquo;extraction, le stockage et la commercialisation des contenus offerts \u00e0 l&rsquo;utilisateur, ainsi que pour l&rsquo;am\u00e9lioration de la qualit\u00e9, du fonctionnement et de la navigation du site Web.\n\nAu moment de l&rsquo;obtention des donn\u00e9es \u00e0 caract\u00e8re personnel, l&rsquo;utilisateur sera inform\u00e9 de l&rsquo;objet ou des objectifs sp\u00e9cifiques du traitement auquel les donn\u00e9es \u00e0 caract\u00e8re personnel seront utilis\u00e9es, c&rsquo;est-\u00e0-dire l&rsquo;utilisation ou l&rsquo;utilisation des informations collect\u00e9es.\n<h4>P\u00e9riodes de conservation des donn\u00e9es \u00e0 caract\u00e8re personnel<\/h4>\nLes donn\u00e9es \u00e0 caract\u00e8re personnel ne seront conserv\u00e9es que pendant la p\u00e9riode minimale n\u00e9cessaire aux fins de leur traitement et, en tout \u00e9tat de cause, uniquement pour la p\u00e9riode suivante: 1 mois, ou jusqu&rsquo;\u00e0 ce que l&rsquo;utilisateur demande la suppression.\n\nAu moment de l&rsquo;obtention des donn\u00e9es \u00e0 caract\u00e8re personnel, l&rsquo;utilisateur sera inform\u00e9 de la p\u00e9riode pendant laquelle les donn\u00e9es \u00e0 caract\u00e8re personnel seront conserv\u00e9es ou, lorsque cela n&rsquo;est pas possible, des crit\u00e8res utilis\u00e9s pour d\u00e9terminer cette p\u00e9riode.\n<h4>Destinataires de donn\u00e9es \u00e0 caract\u00e8re personnel<\/h4>\nLes donn\u00e9es personnelles de l&rsquo;utilisateur ne seront pas partag\u00e9es avec des tiers.\n\nEn tout \u00e9tat de cause, au moment de l&rsquo;obtention des donn\u00e9es \u00e0 caract\u00e8re personnel, l&rsquo;utilisateur sera inform\u00e9 des destinataires ou des cat\u00e9gories de destinataires des donn\u00e9es \u00e0 caract\u00e8re personnel.\n<h4>Donn\u00e9es personnelles des mineurs<\/h4>\nConform\u00e9ment aux dispositions des articles 8 du RGPD et de la loi organique 3\/2018, du 5 d\u00e9cembre, relative \u00e0 la protection des donn\u00e9es \u00e0 caract\u00e8re personnel et \u00e0 la garantie des droits num\u00e9riques, seules les personnes \u00e2g\u00e9es de plus de 14 ans peuvent donner leur consentement l\u00e9gal au traitement de leurs donn\u00e9es \u00e0 caract\u00e8re personnel. S&rsquo;il s&rsquo;agit d&rsquo;un mineur de moins de 14 ans, le consentement des parents ou des tuteurs pour le traitement sera consid\u00e9r\u00e9 comme l\u00e9gal, et il ne sera consid\u00e9r\u00e9 comme l\u00e9gal que dans la mesure o\u00f9 ils l&rsquo;ont autoris\u00e9.\n<h4>Secret et s\u00e9curit\u00e9 des donn\u00e9es \u00e0 caract\u00e8re personnel<\/h4>\nLa Soci\u00e9t\u00e9 s&rsquo;engage \u00e0 adopter les mesures techniques et organisationnelles n\u00e9cessaires, en fonction du niveau de s\u00e9curit\u00e9 appropri\u00e9 au risque des donn\u00e9es collect\u00e9es, afin de garantir la s\u00e9curit\u00e9 des donn\u00e9es \u00e0 caract\u00e8re personnel et d&#8217;emp\u00eacher la destruction, la perte ou l&rsquo;alt\u00e9ration des donn\u00e9es \u00e0 caract\u00e8re personnel transmises, stock\u00e9es ou trait\u00e9es de toute autre mani\u00e8re, ou la communication ou l&rsquo;acc\u00e8s non autoris\u00e9 \u00e0 ces donn\u00e9es.\n\nLe site web est dot\u00e9 d&rsquo;un certificat SSL (Secure Socket Layer), qui garantit que les donn\u00e9es \u00e0 caract\u00e8re personnel sont transmises de mani\u00e8re s\u00e9curis\u00e9e et confidentielle, \u00e9tant la transmission des donn\u00e9es entre le serveur et l&rsquo;utilisateur, et dans la transmission des donn\u00e9es, chiffr\u00e9es ou chiffr\u00e9es.\n\nToutefois, s&rsquo;il n&rsquo;est pas possible de garantir l&rsquo;imp\u00e9n\u00e9tabilit\u00e9 d&rsquo;Internet ou l&rsquo;absence totale de pirates informatiques ou d&rsquo;autres personnes qui acc\u00e8dent frauduleusement aux donn\u00e9es \u00e0 caract\u00e8re personnel, la personne responsable du traitement s&rsquo;engage \u00e0 notifier l&rsquo;utilisateur sans d\u00e9lai impr\u00e9vu lorsqu&rsquo;il est port\u00e9 atteinte \u00e0 la s\u00e9curit\u00e9 des donn\u00e9es \u00e0 caract\u00e8re personnel susceptibles d&rsquo;\u00eatre un risque \u00e9lev\u00e9. Conform\u00e9ment aux dispositions de l&rsquo;article 4 du RGPD, toute violation de la s\u00e9curit\u00e9 des donn\u00e9es \u00e0 caract\u00e8re personnel s&rsquo;entend d&rsquo;une violation de la s\u00e9curit\u00e9 de la s\u00e9curit\u00e9 de la s\u00e9curit\u00e9 de la s\u00e9curit\u00e9 des donn\u00e9es personnelles pouvant r\u00e9sulter de la destruction, de la perte ou de la modification des donn\u00e9es \u00e0 caract\u00e8re personnel transmises, stock\u00e9es ou trait\u00e9es de toute autre mani\u00e8re, ou de la communication ou de l&rsquo;acc\u00e8s non autoris\u00e9 \u00e0 ces donn\u00e9es.\n\nLes donn\u00e9es \u00e0 caract\u00e8re personnel seront trait\u00e9es de mani\u00e8re confidentielle par la personne responsable du traitement, qui s&rsquo;engage \u00e0 informer et \u00e0 garantir, au moyen d&rsquo;une obligation l\u00e9gale ou contractuelle, que cette confidentialit\u00e9 est respect\u00e9e par ses employ\u00e9s, associ\u00e9s et toute personne \u00e0 laquelle l&rsquo;information est accessible.\n<h4>Droits d\u00e9riv\u00e9s du traitement de donn\u00e9es \u00e0 caract\u00e8re personnel<\/h4>\nL&rsquo;utilisateur peut exercer les droits suivants reconnus dans le RGPD et la loi organique 3\/2018, du 5 d\u00e9cembre, sur la protection des donn\u00e9es personnelles et la garantie des droits num\u00e9riques:\n<ul>\n \t<li><em>Droit d&rsquo;acc\u00e8s:<\/em> Il est du droit de l&rsquo;utilisateur d&rsquo;obtenir la confirmation de la question de savoir si Can Ferran traite ou non ses donn\u00e9es personnelles et, dans l&rsquo;affirmative, d&rsquo;obtenir des informations sur les donn\u00e9es \u00e0 caract\u00e8re personnel sp\u00e9cifiques et le traitement des donn\u00e9es que Can Ferran a effectu\u00e9es ou d&rsquo;effectuer, ainsi que, entre autres, les informations disponibles sur l&rsquo;origine de ces donn\u00e9es et les destinataires des communications.<\/li>\n \t<li><em>Droit de rectification:<\/em> Il est du droit de l&rsquo;utilisateur de modifier ses donn\u00e9es \u00e0 caract\u00e8re personnel qui sont inexactes ou, compte tenu des finalit\u00e9s du traitement, incompl\u00e8tes.<\/li>\n \t<li><em>Droit de suppression (\u00able droit \u00e0 l&rsquo;oubli\u00bb)<\/em>: c&rsquo;est le droit de l&rsquo;utilisateur, \u00e0 condition que la l\u00e9gislation en vigueur n&rsquo;\u00e9tablisse pas le contraire, d&rsquo;obtenir la suppression de ses donn\u00e9es \u00e0 caract\u00e8re personnel lorsqu&rsquo;elles ne sont plus n\u00e9cessaires aux fins pour lesquelles elles ont \u00e9t\u00e9 collect\u00e9es ou trait\u00e9es; l&rsquo;utilisateur n&rsquo;a pas consenti au traitement des donn\u00e9es \u00e0 caract\u00e8re personnel; l&rsquo;utilisateur n&rsquo;a pas \u00e9t\u00e9 en mesure d&rsquo;obtenir le droit d&rsquo;exercer ses donn\u00e9es \u00e0 caract\u00e8re personnel; Outre l&rsquo;effacement des donn\u00e9es, la personne responsable du traitement, en tenant compte de la technologie disponible et du co\u00fbt de son application, doit prendre des mesures raisonnables pour informer le responsable du traitement qu&rsquo;elle traite les donn\u00e9es \u00e0 caract\u00e8re personnel de la demande de l&rsquo;int\u00e9ress\u00e9 visant \u00e0 supprimer tout lien avec ces donn\u00e9es \u00e0 caract\u00e8re personnel.<\/li>\n \t<li><em>Droit \u00e0 la limitation du traitement:<\/em> l&rsquo;utilisateur a le droit de limiter le traitement de vos donn\u00e9es \u00e0 caract\u00e8re personnel. L&rsquo;Utilisateur a le droit d&rsquo;obtenir la limitation du traitement lorsque l&rsquo;exactitude des donn\u00e9es personnelles est trait\u00e9e; le traitement est ill\u00e9gal; la personne responsable du traitement n&rsquo;a plus besoin des donn\u00e9es personnelles, mais l&rsquo;utilisateur doit le faire pour faire des r\u00e9clamations; et lorsque l&rsquo;utilisateur s&rsquo;est oppos\u00e9 au traitement.<\/li>\n \t<li><em>Droit \u00e0 la portabilit\u00e9 des donn\u00e9es:<\/em> dans le cas o\u00f9 le traitement est effectu\u00e9 par des moyens automatis\u00e9s, l&rsquo;utilisateur aura le droit de recevoir le responsable du traitement des donn\u00e9es dans un format structur\u00e9, dans un format commun, et le transmet \u00e0 une autre personne responsable du traitement. Chaque fois que cela est techniquement possible, le responsable du traitement transmettra les donn\u00e9es directement \u00e0 l&rsquo;autre responsable.<\/li>\n \t<li><em>Droit d&rsquo;opposition:<\/em> L&rsquo;utilisateur a le droit de ne pas effectuer le traitement de ses donn\u00e9es personnelles ni le traitement de celles-ci par Can Ferran.<\/li>\n \t<li><em>Droit de ne pas faire l&rsquo;objet d&rsquo;une d\u00e9cision fond\u00e9e uniquement sur un traitement automatis\u00e9, y compris<\/em> le <em>profilage:<\/em> l&rsquo;utilisateur a le droit de ne pas faire l&rsquo;objet d&rsquo;une d\u00e9cision individuelle fond\u00e9e uniquement sur le traitement automatis\u00e9 de vos donn\u00e9es \u00e0 caract\u00e8re personnel, y compris le traitement de vos donn\u00e9es \u00e0 caract\u00e8re personnel, sauf dans le cas de la l\u00e9gislation en vigueur.<\/li>\n<\/ul>\nPar cons\u00e9quent, l&rsquo;utilisateur peut exercer ses droits au moyen d&rsquo;une communication \u00e9crite adress\u00e9e \u00e0 la personne responsable du traitement avec la r\u00e9f\u00e9rence \u00ab RGPD-https:\/\/canferran.cat\/ \u00bb, en pr\u00e9cisant:\n<ul>\n \t<li>Nom, pr\u00e9nom de l&rsquo;utilisateur et copie du DNI. Dans les cas o\u00f9 la repr\u00e9sentation est autoris\u00e9e, l&rsquo;identification par le m\u00eame moyen de la personne repr\u00e9sent\u00e9e par l&rsquo;Utilisateur sera \u00e9galement n\u00e9cessaire, ainsi que le document prouvant la repr\u00e9sentation. La photocopie du DNI peut \u00eatre remplac\u00e9e par tout autre moyen valable de droit qui certifie l&rsquo;identit\u00e9.<\/li>\n \t<li>P\u00e9tition avec les raisons sp\u00e9cifiques de la demande ou des informations auxquelles vous souhaitez acc\u00e9der.<\/li>\n \t<li>Domicile \u00e0 des fins de notification.<\/li>\n \t<li>Date et signature du demandeur.<\/li>\n \t<li>Tout document qui certifie la demande.<\/li>\n<\/ul>\nCette demande et tout autre document ci-joint peuvent \u00eatre envoy\u00e9s \u00e0 l&rsquo;adresse et\/ou au courrier \u00e9lectronique suivants:\n\nAdresse : Pla\u00e7a Sant Andreu 6, 08797 Puig, Barcelone\n\nNous contacter &#8211; Canferran.com\n<h4>Liens vers des sites Web de tiers<\/h4>\nLe site Web peut inclure des hyperliens ou des liens qui permettent l&rsquo;acc\u00e8s \u00e0 des sites web tiers de Can Ferran, et ne sont donc pas exploit\u00e9s par Can Ferran. Les propri\u00e9taires de ces sites web auront leurs propres politiques de protection des donn\u00e9es, et ils seront, dans chaque cas, responsables de leurs propres fichiers et de leurs propres pratiques en mati\u00e8re de protection de la vie priv\u00e9e.\n<h4>Demandes pr\u00e9sent\u00e9es devant l&rsquo;autorit\u00e9 de contr\u00f4le<\/h4>\nDans le cas o\u00f9 l&rsquo;Utilisateur estime qu&rsquo;il y a un probl\u00e8me ou une violation de la l\u00e9gislation en vigueur dans la mani\u00e8re dont ses donn\u00e9es personnelles sont trait\u00e9es, il ou elle aura le droit \u00e0 une protection judiciaire effective et \u00e0 une demande aupr\u00e8s d&rsquo;une autorit\u00e9 de contr\u00f4le, notamment dans l&rsquo;\u00c9tat o\u00f9 il se trouve dans un \u00e9tablissement de r\u00e9sidence, le lieu de travail ou le lieu de l&rsquo;infraction pr\u00e9sum\u00e9e. Dans le cas de l&rsquo;Espagne, l&rsquo;autorit\u00e9 de contr\u00f4le est l&rsquo;Agence espagnole de protection des donn\u00e9es (https:\/\/www.aepd.es\/).\n<h3>II. ACCEPTATION ET COMPTE DANS LA POLITIQUE DE CONFIDENTIALIT\u00c9<\/h3>\nL&rsquo;utilisateur doit avoir lu et \u00eatre conforme aux conditions relatives \u00e0 la protection des donn\u00e9es \u00e0 caract\u00e8re personnel contenues dans la pr\u00e9sente politique de confidentialit\u00e9, ainsi qu&rsquo;\u00e0 ce qu&rsquo;il accepte le traitement de ses donn\u00e9es personnelles afin que le responsable du traitement puisse proc\u00e9der de la mani\u00e8re, dans les conditions indiqu\u00e9es. L&rsquo;utilisation du site web implique l&rsquo;acceptation de la politique de confidentialit\u00e9 de celui-ci.\n\nCan Ferran se r\u00e9serve le droit de modifier sa politique de confidentialit\u00e9, conform\u00e9ment \u00e0 ses propres crit\u00e8res, ou motiv\u00e9 par un changement l\u00e9gislatif, jurisprudentiel ou doctrinal de l&rsquo;Agence espagnole de protection des donn\u00e9es. Les modifications ou mises \u00e0 jour de la pr\u00e9sente politique de confidentialit\u00e9 ne seront pas explicitement notifi\u00e9es \u00e0 l&rsquo;utilisateur. Il est recommand\u00e9 \u00e0 l&rsquo;utilisateur de consulter p\u00e9riodiquement cette page pour \u00eatre \u00e0 jour des derniers changements ou mises \u00e0 jour.\n\nLa pr\u00e9sente politique de protection de la vie priv\u00e9e a \u00e9t\u00e9 mise \u00e0 jour conform\u00e9ment au r\u00e8glement (UE) 2016\/679 du Parlement europ\u00e9en et du Conseil du 27 avril 2016 relatif \u00e0 la protection des personnes physiques en ce qui concerne le traitement des donn\u00e9es \u00e0 caract\u00e8re personnel et \u00e0 la libre circulation de ces donn\u00e9es (RGPD) et \u00e0 la loi organique 3\/2018, des donn\u00e9es num\u00e9riques.\n\nLe pr\u00e9sent document de politique de confidentialit\u00e9 d&rsquo;un site web a \u00e9t\u00e9 modifi\u00e9 le 24\/12\/2024.\t\t\t\t\t\t\t\t<\/div>\n\t\t\t\t<\/div>\n\t\t\t\t\t<\/div>\n\t\t\t\t<\/div>\n\t\t\t\t<\/div>\n\t\t","protected":false},"excerpt":{"rendered":"<p>POLITIQUE DE CONFIDENTIALIT\u00c9 DU SITE WEB https:\/\/canferran.cat\/ Et. POLITIQUE DE CONFIDENTIALIT\u00c9 ET PROTECTION DES DONN\u00c9ES Conform\u00e9ment aux dispositions de la l\u00e9gislation en vigueur, Can Ferran (ci-apr\u00e8s d\u00e9nomm\u00e9 le site Web) s&rsquo;engage \u00e0 adopter les mesures techniques et organisationnelles n\u00e9cessaires, conform\u00e9ment au niveau de s\u00e9curit\u00e9 appropri\u00e9 au risque des donn\u00e9es collect\u00e9es. Lois qui int\u00e8grent cette politique [&hellip;]<\/p>\n","protected":false},"author":1,"featured_media":0,"parent":0,"menu_order":51,"comment_status":"closed","ping_status":"closed","template":"","meta":{"footnotes":""},"class_list":["post-68","page","type-page","status-publish","hentry"],"rankMath":{"parentDomain":"canferran.cat","noFollowDomains":[],"noFollowExcludeDomains":[],"noFollowExternalLinks":false,"featuredImageNotice":"L\u2019image en vedette devrait \u00eatre au moins 200 par 200 pixels pour \u00eatre utilis\u00e9 par Facebook et d\u2019autres sites de m\u00e9dias sociaux.","pluginReviewed":false,"postSettings":{"linkSuggestions":true,"useFocusKeyword":false},"frontEndScore":false,"postName":"politique-de-confidentialite-et-protection-des-donnees","permalinkFormat":"https:\/\/canferran.cat\/fr\/%pagename%\/","showLockModifiedDate":true,"assessor":{"focusKeywordLink":"https:\/\/canferran.cat\/wp-admin\/edit.php?focus_keyword=%focus_keyword%&post_type=%post_type%","hasTOCPlugin":true,"primaryTaxonomy":false,"serpData":{"title":"","description":"","focusKeywords":"","pillarContent":false,"canonicalUrl":"","breadcrumbTitle":"","advancedRobots":[],"facebookTitle":"","facebookDescription":"","facebookImage":"","facebookImageID":"","facebookHasOverlay":false,"facebookImageOverlay":"","facebookAuthor":"","twitterCardType":"","twitterUseFacebook":true,"twitterTitle":"","twitterDescription":"","twitterImage":"","twitterImageID":"","twitterHasOverlay":false,"twitterImageOverlay":"","twitterPlayerUrl":"","twitterPlayerSize":"","twitterPlayerStream":"","twitterPlayerStreamCtype":"","twitterAppDescription":"","twitterAppIphoneName":"","twitterAppIphoneID":"","twitterAppIphoneUrl":"","twitterAppIpadName":"","twitterAppIpadID":"","twitterAppIpadUrl":"","twitterAppGoogleplayName":"","twitterAppGoogleplayID":"","twitterAppGoogleplayUrl":"","twitterAppCountry":"","robots":{"index":true},"twitterAuthor":"identifiant","primaryTerm":0,"authorName":"pw_canferran_cat","titleTemplate":"%title% %sep% %sitename%","descriptionTemplate":"%excerpt%","showScoreFrontend":true,"lockModifiedDate":false},"powerWords":["absolument","amazement","astonishing","authentique","beau","bien-\u00eatre","brillant","captivant","charismatique","choc","clair","compl\u00e8tement","confidentiel","confiance","cons\u00e9quent","cr\u00e9atif","d\u00e9finitivement","d\u00e9licieux","d\u00e9montrer","d\u00e9p\u00eachez-vous","d\u00e9termin\u00e9","digne","dynamique","\u00e9blouissant","\u00e9clatant","\u00e9conomique","\u00e9fficace","\u00e9l\u00e9gant","\u00e9motionnel","\u00e9nergique","\u00e9norme","\u00e9poustouflant","essentiel","\u00e9tonnant","exclusif","exp\u00e9rience","fabuleux","fantastique","formidable","fort","garanti","g\u00e9ant","g\u00e9n\u00e9reux","grandiose","gratuit","habile","harmonieux","historique","hors pair","important","incroyable","indispensable","inoubliable","inspirant","innovant","intense","invention","irr\u00e9sistible","l\u00e9gendaire","lumineux","luxe","magique","magnifique","majestueux","marquant","merveilleux","miraculeux","motivant","n\u00e9cessaire","nouvelle","officiel","parfait","passionn\u00e9","persuasif","ph\u00e9nom\u00e9nal","plaisir","populaire","pouvoir","prestigieux","prodigieux","profond","prosp\u00e8re","puissant","qualit\u00e9","radieux","rapide","r\u00e9ussi","r\u00e9volutionnaire","satisfait","s\u00e9curit\u00e9","sensationnel","serein","somptueux","splendide","sublime","surprenant","talentueux","terrifiant","unique","valeur","vibrant","victorieux","vif","vraiment","z\u00e9l\u00e9"],"diacritics":{"A":"[\\u0041\\u24B6\\uFF21\\u00C0\\u00C1\\u00C2\\u1EA6\\u1EA4\\u1EAA\\u1EA8\\u00C3\\u0100\\u0102\\u1EB0\\u1EAE\\u1EB4\\u1EB2\\u0226\\u01E0\\u00C4\\u01DE\\u1EA2\\u00C5\\u01FA\\u01CD\\u0200\\u0202\\u1EA0\\u1EAC\\u1EB6\\u1E00\\u0104\\u023A\\u2C6F]","AA":"[\\uA732]","AE":"[\\u00C6\\u01FC\\u01E2]","AO":"[\\uA734]","AU":"[\\uA736]","AV":"[\\uA738\\uA73A]","AY":"[\\uA73C]","B":"[\\u0042\\u24B7\\uFF22\\u1E02\\u1E04\\u1E06\\u0243\\u0182\\u0181]","C":"[\\u0043\\u24B8\\uFF23\\u0106\\u0108\\u010A\\u010C\\u00C7\\u1E08\\u0187\\u023B\\uA73E]","D":"[\\u0044\\u24B9\\uFF24\\u1E0A\\u010E\\u1E0C\\u1E10\\u1E12\\u1E0E\\u0110\\u018B\\u018A\\u0189\\uA779]","DZ":"[\\u01F1\\u01C4]","Dz":"[\\u01F2\\u01C5]","E":"[\\u0045\\u24BA\\uFF25\\u00C8\\u00C9\\u00CA\\u1EC0\\u1EBE\\u1EC4\\u1EC2\\u1EBC\\u0112\\u1E14\\u1E16\\u0114\\u0116\\u00CB\\u1EBA\\u011A\\u0204\\u0206\\u1EB8\\u1EC6\\u0228\\u1E1C\\u0118\\u1E18\\u1E1A\\u0190\\u018E]","F":"[\\u0046\\u24BB\\uFF26\\u1E1E\\u0191\\uA77B]","G":"[\\u0047\\u24BC\\uFF27\\u01F4\\u011C\\u1E20\\u011E\\u0120\\u01E6\\u0122\\u01E4\\u0193\\uA7A0\\uA77D\\uA77E]","H":"[\\u0048\\u24BD\\uFF28\\u0124\\u1E22\\u1E26\\u021E\\u1E24\\u1E28\\u1E2A\\u0126\\u2C67\\u2C75\\uA78D]","I":"[\\u0049\\u24BE\\uFF29\\u00CC\\u00CD\\u00CE\\u0128\\u012A\\u012C\\u0130\\u00CF\\u1E2E\\u1EC8\\u01CF\\u0208\\u020A\\u1ECA\\u012E\\u1E2C\\u0197]","J":"[\\u004A\\u24BF\\uFF2A\\u0134\\u0248]","K":"[\\u004B\\u24C0\\uFF2B\\u1E30\\u01E8\\u1E32\\u0136\\u1E34\\u0198\\u2C69\\uA740\\uA742\\uA744\\uA7A2]","L":"[\\u004C\\u24C1\\uFF2C\\u013F\\u0139\\u013D\\u1E36\\u1E38\\u013B\\u1E3C\\u1E3A\\u0141\\u023D\\u2C62\\u2C60\\uA748\\uA746\\uA780]","LJ":"[\\u01C7]","Lj":"[\\u01C8]","M":"[\\u004D\\u24C2\\uFF2D\\u1E3E\\u1E40\\u1E42\\u2C6E\\u019C]","N":"[\\u004E\\u24C3\\uFF2E\\u01F8\\u0143\\u00D1\\u1E44\\u0147\\u1E46\\u0145\\u1E4A\\u1E48\\u0220\\u019D\\uA790\\uA7A4]","NJ":"[\\u01CA]","Nj":"[\\u01CB]","O":"[\\u004F\\u24C4\\uFF2F\\u00D2\\u00D3\\u00D4\\u1ED2\\u1ED0\\u1ED6\\u1ED4\\u00D5\\u1E4C\\u022C\\u1E4E\\u014C\\u1E50\\u1E52\\u014E\\u022E\\u0230\\u00D6\\u022A\\u1ECE\\u0150\\u01D1\\u020C\\u020E\\u01A0\\u1EDC\\u1EDA\\u1EE0\\u1EDE\\u1EE2\\u1ECC\\u1ED8\\u01EA\\u01EC\\u00D8\\u01FE\\u0186\\u019F\\uA74A\\uA74C]","OI":"[\\u01A2]","OO":"[\\uA74E]","OU":"[\\u0222]","P":"[\\u0050\\u24C5\\uFF30\\u1E54\\u1E56\\u01A4\\u2C63\\uA750\\uA752\\uA754]","Q":"[\\u0051\\u24C6\\uFF31\\uA756\\uA758\\u024A]","R":"[\\u0052\\u24C7\\uFF32\\u0154\\u1E58\\u0158\\u0210\\u0212\\u1E5A\\u1E5C\\u0156\\u1E5E\\u024C\\u2C64\\uA75A\\uA7A6\\uA782]","S":"[\\u0053\\u24C8\\uFF33\\u1E9E\\u015A\\u1E64\\u015C\\u1E60\\u0160\\u1E66\\u1E62\\u1E68\\u0218\\u015E\\u2C7E\\uA7A8\\uA784]","T":"[\\u0054\\u24C9\\uFF34\\u1E6A\\u0164\\u1E6C\\u021A\\u0162\\u1E70\\u1E6E\\u0166\\u01AC\\u01AE\\u023E\\uA786]","TZ":"[\\uA728]","U":"[\\u0055\\u24CA\\uFF35\\u00D9\\u00DA\\u00DB\\u0168\\u1E78\\u016A\\u1E7A\\u016C\\u00DC\\u01DB\\u01D7\\u01D5\\u01D9\\u1EE6\\u016E\\u0170\\u01D3\\u0214\\u0216\\u01AF\\u1EEA\\u1EE8\\u1EEE\\u1EEC\\u1EF0\\u1EE4\\u1E72\\u0172\\u1E76\\u1E74\\u0244]","V":"[\\u0056\\u24CB\\uFF36\\u1E7C\\u1E7E\\u01B2\\uA75E\\u0245]","VY":"[\\uA760]","W":"[\\u0057\\u24CC\\uFF37\\u1E80\\u1E82\\u0174\\u1E86\\u1E84\\u1E88\\u2C72]","X":"[\\u0058\\u24CD\\uFF38\\u1E8A\\u1E8C]","Y":"[\\u0059\\u24CE\\uFF39\\u1EF2\\u00DD\\u0176\\u1EF8\\u0232\\u1E8E\\u0178\\u1EF6\\u1EF4\\u01B3\\u024E\\u1EFE]","Z":"[\\u005A\\u24CF\\uFF3A\\u0179\\u1E90\\u017B\\u017D\\u1E92\\u1E94\\u01B5\\u0224\\u2C7F\\u2C6B\\uA762]","a":"[\\u0061\\u24D0\\uFF41\\u1E9A\\u00E0\\u00E1\\u00E2\\u1EA7\\u1EA5\\u1EAB\\u1EA9\\u00E3\\u0101\\u0103\\u1EB1\\u1EAF\\u1EB5\\u1EB3\\u0227\\u01E1\\u00E4\\u01DF\\u1EA3\\u00E5\\u01FB\\u01CE\\u0201\\u0203\\u1EA1\\u1EAD\\u1EB7\\u1E01\\u0105\\u2C65\\u0250]","aa":"[\\uA733]","ae":"[\\u00E6\\u01FD\\u01E3]","ao":"[\\uA735]","au":"[\\uA737]","av":"[\\uA739\\uA73B]","ay":"[\\uA73D]","b":"[\\u0062\\u24D1\\uFF42\\u1E03\\u1E05\\u1E07\\u0180\\u0183\\u0253]","c":"[\\u0063\\u24D2\\uFF43\\u0107\\u0109\\u010B\\u010D\\u00E7\\u1E09\\u0188\\u023C\\uA73F\\u2184]","d":"[\\u0064\\u24D3\\uFF44\\u1E0B\\u010F\\u1E0D\\u1E11\\u1E13\\u1E0F\\u0111\\u018C\\u0256\\u0257\\uA77A]","dz":"[\\u01F3\\u01C6]","e":"[\\u0065\\u24D4\\uFF45\\u00E8\\u00E9\\u00EA\\u1EC1\\u1EBF\\u1EC5\\u1EC3\\u1EBD\\u0113\\u1E15\\u1E17\\u0115\\u0117\\u00EB\\u1EBB\\u011B\\u0205\\u0207\\u1EB9\\u1EC7\\u0229\\u1E1D\\u0119\\u1E19\\u1E1B\\u0247\\u025B\\u01DD]","f":"[\\u0066\\u24D5\\uFF46\\u1E1F\\u0192\\uA77C]","g":"[\\u0067\\u24D6\\uFF47\\u01F5\\u011D\\u1E21\\u011F\\u0121\\u01E7\\u0123\\u01E5\\u0260\\uA7A1\\u1D79\\uA77F]","h":"[\\u0068\\u24D7\\uFF48\\u0125\\u1E23\\u1E27\\u021F\\u1E25\\u1E29\\u1E2B\\u1E96\\u0127\\u2C68\\u2C76\\u0265]","hv":"[\\u0195]","i":"[\\u0069\\u24D8\\uFF49\\u00EC\\u00ED\\u00EE\\u0129\\u012B\\u012D\\u00EF\\u1E2F\\u1EC9\\u01D0\\u0209\\u020B\\u1ECB\\u012F\\u1E2D\\u0268\\u0131]","j":"[\\u006A\\u24D9\\uFF4A\\u0135\\u01F0\\u0249]","k":"[\\u006B\\u24DA\\uFF4B\\u1E31\\u01E9\\u1E33\\u0137\\u1E35\\u0199\\u2C6A\\uA741\\uA743\\uA745\\uA7A3]","l":"[\\u006C\\u24DB\\uFF4C\\u0140\\u013A\\u013E\\u1E37\\u1E39\\u013C\\u1E3D\\u1E3B\\u017F\\u0142\\u019A\\u026B\\u2C61\\uA749\\uA781\\uA747]","lj":"[\\u01C9]","m":"[\\u006D\\u24DC\\uFF4D\\u1E3F\\u1E41\\u1E43\\u0271\\u026F]","n":"[\\u006E\\u24DD\\uFF4E\\u01F9\\u0144\\u00F1\\u1E45\\u0148\\u1E47\\u0146\\u1E4B\\u1E49\\u019E\\u0272\\u0149\\uA791\\uA7A5]","nj":"[\\u01CC]","o":"[\\u006F\\u24DE\\uFF4F\\u00F2\\u00F3\\u00F4\\u1ED3\\u1ED1\\u1ED7\\u1ED5\\u00F5\\u1E4D\\u022D\\u1E4F\\u014D\\u1E51\\u1E53\\u014F\\u022F\\u0231\\u00F6\\u022B\\u1ECF\\u0151\\u01D2\\u020D\\u020F\\u01A1\\u1EDD\\u1EDB\\u1EE1\\u1EDF\\u1EE3\\u1ECD\\u1ED9\\u01EB\\u01ED\\u00F8\\u01FF\\u0254\\uA74B\\uA74D\\u0275]","oi":"[\\u01A3]","ou":"[\\u0223]","oo":"[\\uA74F]","p":"[\\u0070\\u24DF\\uFF50\\u1E55\\u1E57\\u01A5\\u1D7D\\uA751\\uA753\\uA755]","q":"[\\u0071\\u24E0\\uFF51\\u024B\\uA757\\uA759]","r":"[\\u0072\\u24E1\\uFF52\\u0155\\u1E59\\u0159\\u0211\\u0213\\u1E5B\\u1E5D\\u0157\\u1E5F\\u024D\\u027D\\uA75B\\uA7A7\\uA783]","s":"[\\u0073\\u24E2\\uFF53\\u015B\\u1E65\\u015D\\u1E61\\u0161\\u1E67\\u1E63\\u1E69\\u0219\\u015F\\u023F\\uA7A9\\uA785\\u1E9B]","ss":"[\\u00DF]","t":"[\\u0074\\u24E3\\uFF54\\u1E6B\\u1E97\\u0165\\u1E6D\\u021B\\u0163\\u1E71\\u1E6F\\u0167\\u01AD\\u0288\\u2C66\\uA787]","tz":"[\\uA729]","u":"[\\u0075\\u24E4\\uFF55\\u00F9\\u00FA\\u00FB\\u0169\\u1E79\\u016B\\u1E7B\\u016D\\u00FC\\u01DC\\u01D8\\u01D6\\u01DA\\u1EE7\\u016F\\u0171\\u01D4\\u0215\\u0217\\u01B0\\u1EEB\\u1EE9\\u1EEF\\u1EED\\u1EF1\\u1EE5\\u1E73\\u0173\\u1E77\\u1E75\\u0289]","v":"[\\u0076\\u24E5\\uFF56\\u1E7D\\u1E7F\\u028B\\uA75F\\u028C]","vy":"[\\uA761]","w":"[\\u0077\\u24E6\\uFF57\\u1E81\\u1E83\\u0175\\u1E87\\u1E85\\u1E98\\u1E89\\u2C73]","x":"[\\u0078\\u24E7\\uFF58\\u1E8B\\u1E8D]","y":"[\\u0079\\u24E8\\uFF59\\u1EF3\\u00FD\\u0177\\u1EF9\\u0233\\u1E8F\\u00FF\\u1EF7\\u1E99\\u1EF5\\u01B4\\u024F\\u1EFF]","z":"[\\u007A\\u24E9\\uFF5A\\u017A\\u1E91\\u017C\\u017E\\u1E93\\u1E95\\u01B6\\u0225\\u0240\\u2C6C\\uA763]"},"researchesTests":["contentHasTOC","contentHasShortParagraphs","contentHasAssets","keywordInTitle","keywordInMetaDescription","keywordInPermalink","keywordIn10Percent","keywordInContent","keywordInSubheadings","keywordInImageAlt","keywordDensity","keywordNotUsed","lengthContent","lengthPermalink","linksHasInternal","linksHasExternals","linksNotAllExternals","titleStartWithKeyword","titleSentiment","titleHasPowerWords","titleHasNumber","hasContentAI"],"hasRedirection":false,"hasBreadcrumb":false},"homeUrl":"https:\/\/canferran.cat\/fr\/","objectID":68,"objectType":"post","locale":"fr","localeFull":"fr_FR","overlayImages":{"play":{"name":"Ic\u00f4ne de lecture","url":"https:\/\/canferran.cat\/wp-content\/plugins\/seo-by-rank-math\/assets\/admin\/img\/icon-play.png","path":"\/var\/www\/vhosts\/canferran.cat\/httpdocs\/wp-content\/plugins\/seo-by-rank-math\/assets\/admin\/img\/icon-play.png","position":"middle_center"},"gif":{"name":"Ic\u00f4ne GIF","url":"https:\/\/canferran.cat\/wp-content\/plugins\/seo-by-rank-math\/assets\/admin\/img\/icon-gif.png","path":"\/var\/www\/vhosts\/canferran.cat\/httpdocs\/wp-content\/plugins\/seo-by-rank-math\/assets\/admin\/img\/icon-gif.png","position":"middle_center"}},"defautOgImage":"https:\/\/canferran.cat\/wp-content\/plugins\/seo-by-rank-math\/assets\/admin\/img\/social-placeholder.jpg","customPermalinks":true,"isUserRegistered":true,"autoSuggestKeywords":true,"connectSiteUrl":"https:\/\/rankmath.com\/auth?site=https%3A%2F%2Fcanferran.cat%2Ffr%2F&r=https%3A%2F%2Fcanferran.cat%2Ffr%2Fwp-json%2Fwp%2Fv2%2Fpages%2F68%3Fnonce%3D16d93ffbf7&pro=1","maxTags":100,"trendsIcon":"<svg viewBox=\"0 0 610 610\"><path d=\"M18.85,446,174.32,290.48l58.08,58.08L76.93,504a14.54,14.54,0,0,1-20.55,0L18.83,466.48a14.54,14.54,0,0,1,0-20.55Z\" style=\"fill:#4285f4\"\/><path d=\"M242.65,242.66,377.59,377.6l-47.75,47.75a14.54,14.54,0,0,1-20.55,0L174.37,290.43l47.75-47.75A14.52,14.52,0,0,1,242.65,242.66Z\" style=\"fill:#ea4335\"\/><polygon points=\"319.53 319.53 479.26 159.8 537.34 217.88 377.61 377.62 319.53 319.53\" style=\"fill:#fabb05\"\/><path d=\"M594.26,262.73V118.61h0a16.94,16.94,0,0,0-16.94-16.94H433.2a16.94,16.94,0,0,0-12,28.92L565.34,274.71h0a16.94,16.94,0,0,0,28.92-12Z\" style=\"fill:#34a853\"\/><rect width=\"610\" height=\"610\" style=\"fill:none\"\/><\/svg>","showScore":true,"siteFavIcon":"https:\/\/canferran.cat\/wp-content\/uploads\/2024\/12\/favicon-150x150.png","canUser":{"general":false,"advanced":false,"snippet":false,"social":false,"analysis":false,"analytics":false,"content_ai":false},"isPro":true,"is_front_page":false,"trendsUpgradeLink":"https:\/\/rankmath.com\/pricing\/?utm_source=Plugin&utm_medium=CE%20General%20Tab%20Trends&utm_campaign=WP","trendsUpgradeLabel":"Mettre \u00e0 niveau","trendsPreviewImage":"https:\/\/canferran.cat\/wp-content\/plugins\/seo-by-rank-math\/assets\/admin\/img\/trends-preview.jpg","currentEditor":false,"homepageData":{"assessor":{"powerWords":["absolument","amazement","astonishing","authentique","beau","bien-\u00eatre","brillant","captivant","charismatique","choc","clair","compl\u00e8tement","confidentiel","confiance","cons\u00e9quent","cr\u00e9atif","d\u00e9finitivement","d\u00e9licieux","d\u00e9montrer","d\u00e9p\u00eachez-vous","d\u00e9termin\u00e9","digne","dynamique","\u00e9blouissant","\u00e9clatant","\u00e9conomique","\u00e9fficace","\u00e9l\u00e9gant","\u00e9motionnel","\u00e9nergique","\u00e9norme","\u00e9poustouflant","essentiel","\u00e9tonnant","exclusif","exp\u00e9rience","fabuleux","fantastique","formidable","fort","garanti","g\u00e9ant","g\u00e9n\u00e9reux","grandiose","gratuit","habile","harmonieux","historique","hors pair","important","incroyable","indispensable","inoubliable","inspirant","innovant","intense","invention","irr\u00e9sistible","l\u00e9gendaire","lumineux","luxe","magique","magnifique","majestueux","marquant","merveilleux","miraculeux","motivant","n\u00e9cessaire","nouvelle","officiel","parfait","passionn\u00e9","persuasif","ph\u00e9nom\u00e9nal","plaisir","populaire","pouvoir","prestigieux","prodigieux","profond","prosp\u00e8re","puissant","qualit\u00e9","radieux","rapide","r\u00e9ussi","r\u00e9volutionnaire","satisfait","s\u00e9curit\u00e9","sensationnel","serein","somptueux","splendide","sublime","surprenant","talentueux","terrifiant","unique","valeur","vibrant","victorieux","vif","vraiment","z\u00e9l\u00e9"],"diacritics":true,"researchesTests":["contentHasTOC","contentHasShortParagraphs","contentHasAssets","keywordInTitle","keywordInMetaDescription","keywordInPermalink","keywordIn10Percent","keywordInContent","keywordInSubheadings","keywordInImageAlt","keywordDensity","keywordNotUsed","lengthContent","lengthPermalink","linksHasInternal","linksHasExternals","linksNotAllExternals","titleStartWithKeyword","titleSentiment","titleHasPowerWords","titleHasNumber","hasContentAI"],"hasBreadcrumb":false,"serpData":{"title":"%sitename% %page% %sep% %sitedesc%","description":"","titleTemplate":"%sitename% %page% %sep% %sitedesc%","descriptionTemplate":"","focusKeywords":"","breadcrumbTitle":"Home","robots":{"index":true},"advancedRobots":[],"facebookTitle":"","facebookDescription":"","facebookImage":"","facebookImageID":""}}},"isAnalyticsConnected":true,"tocTitle":"Table of Contents","tocExcludeHeadings":[],"listStyle":"ul"},"_links":{"self":[{"href":"https:\/\/canferran.cat\/fr\/wp-json\/wp\/v2\/pages\/68","targetHints":{"allow":["GET"]}}],"collection":[{"href":"https:\/\/canferran.cat\/fr\/wp-json\/wp\/v2\/pages"}],"about":[{"href":"https:\/\/canferran.cat\/fr\/wp-json\/wp\/v2\/types\/page"}],"author":[{"embeddable":true,"href":"https:\/\/canferran.cat\/fr\/wp-json\/wp\/v2\/users\/1"}],"replies":[{"embeddable":true,"href":"https:\/\/canferran.cat\/fr\/wp-json\/wp\/v2\/comments?post=68"}],"version-history":[{"count":15,"href":"https:\/\/canferran.cat\/fr\/wp-json\/wp\/v2\/pages\/68\/revisions"}],"predecessor-version":[{"id":3296,"href":"https:\/\/canferran.cat\/fr\/wp-json\/wp\/v2\/pages\/68\/revisions\/3296"}],"wp:attachment":[{"href":"https:\/\/canferran.cat\/fr\/wp-json\/wp\/v2\/media?parent=68"}],"curies":[{"name":"wp","href":"https:\/\/api.w.org\/{rel}","templated":true}]}}